{"version":"1.0","provider_name":"C&#039;est qui les Cr\u00e9as ?","provider_url":"https:\/\/www.ferembach.com\/cestquilescreas","author_name":"greg","author_url":"https:\/\/www.ferembach.com\/cestquilescreas\/author\/greg\/","title":"Beno\u00eet Oulhen & Micka\u00ebl Jacquemin &#8226; C&#039;est qui les Cr\u00e9as ?","type":"rich","width":600,"height":338,"html":"<blockquote class=\"wp-embedded-content\" data-secret=\"JBv2zPeYSQ\"><a href=\"https:\/\/www.ferembach.com\/cestquilescreas\/team\/benoit-oulhen-mickael-jacquemin\/\">Beno\u00eet Oulhen &#038; Micka\u00ebl Jacquemin<\/a><\/blockquote><iframe sandbox=\"allow-scripts\" security=\"restricted\" src=\"https:\/\/www.ferembach.com\/cestquilescreas\/team\/benoit-oulhen-mickael-jacquemin\/embed\/#?secret=JBv2zPeYSQ\" width=\"600\" height=\"338\" title=\"\u00ab\u00a0Beno\u00eet Oulhen &#038; Micka\u00ebl Jacquemin\u00a0\u00bb &#8212; C&#039;est qui les Cr\u00e9as ?\" data-secret=\"JBv2zPeYSQ\" frameborder=\"0\" marginwidth=\"0\" marginheight=\"0\" scrolling=\"no\" class=\"wp-embedded-content\"><\/iframe><script type=\"text\/javascript\">\n\/* <![CDATA[ *\/\n\/*! This file is auto-generated *\/\n!function(d,l){\"use strict\";l.querySelector&&d.addEventListener&&\"undefined\"!=typeof URL&&(d.wp=d.wp||{},d.wp.receiveEmbedMessage||(d.wp.receiveEmbedMessage=function(e){var t=e.data;if((t||t.secret||t.message||t.value)&&!\/[^a-zA-Z0-9]\/.test(t.secret)){for(var s,r,n,a=l.querySelectorAll('iframe[data-secret=\"'+t.secret+'\"]'),o=l.querySelectorAll('blockquote[data-secret=\"'+t.secret+'\"]'),c=new RegExp(\"^https?:$\",\"i\"),i=0;i<o.length;i++)o[i].style.display=\"none\";for(i=0;i<a.length;i++)s=a[i],e.source===s.contentWindow&&(s.removeAttribute(\"style\"),\"height\"===t.message?(1e3<(r=parseInt(t.value,10))?r=1e3:~~r<200&&(r=200),s.height=r):\"link\"===t.message&&(r=new URL(s.getAttribute(\"src\")),n=new URL(t.value),c.test(n.protocol))&&n.host===r.host&&l.activeElement===s&&(d.top.location.href=t.value))}},d.addEventListener(\"message\",d.wp.receiveEmbedMessage,!1),l.addEventListener(\"DOMContentLoaded\",function(){for(var e,t,s=l.querySelectorAll(\"iframe.wp-embedded-content\"),r=0;r<s.length;r++)(t=(e=s[r]).getAttribute(\"data-secret\"))||(t=Math.random().toString(36).substring(2,12),e.src+=\"#?secret=\"+t,e.setAttribute(\"data-secret\",t)),e.contentWindow.postMessage({message:\"ready\",secret:t},\"*\")},!1)))}(window,document);\n\/\/# sourceURL=https:\/\/www.ferembach.com\/cestquilescreas\/wp-includes\/js\/wp-embed.min.js\n\/* ]]> *\/\n<\/script>\n","thumbnail_url":"https:\/\/www.ferembach.com\/cestquilescreas\/wp-content\/uploads\/2019\/09\/BM-2.jpg","thumbnail_width":910,"thumbnail_height":571,"description":"Bonjour, quels ont \u00e9t\u00e9 vos parcours \u00e9tudiant &amp; professionnel ? Micka\u00ebl\u00a0: J\u2019ai fait un BAC STI Electrotechnique parce qu\u2019on m\u2019a dit qu\u2019il y avait du travail, mais \u00e7a m\u2019a d\u00e9plu. J\u2019ai donc voulu partir en \u00e9cole de son, mais on m\u2019a dit qu\u2019il n\u2019y avait pas de travail. J\u2019ai finalement voulu partir en \u00e9cole d\u2019art, [&hellip;]"}